{"id":5826,"date":"2024-09-19T19:03:34","date_gmt":"2024-09-19T17:03:34","guid":{"rendered":"https:\/\/jesushernansanz.com\/?post_type=productos&#038;p=5826"},"modified":"2025-01-24T16:30:30","modified_gmt":"2025-01-24T15:30:30","slug":"grundierung-die-gelbe","status":"publish","type":"productos","link":"https:\/\/jesushernansanz.com\/de\/productos\/grundierung-die-gelbe\/","title":{"rendered":"Grundierung DIE GELBE"},"content":{"rendered":"\t\t<div data-elementor-type=\"wp-post\" data-elementor-id=\"5826\" class=\"elementor elementor-5826\" data-elementor-post-type=\"productos\">\n\t\t\t\t\t\t\t\t\t<section class=\"elementor-section elementor-top-section elementor-element elementor-element-25767934 elementor-section-height-min-height elementor-section-items-stretch elementor-section-full_width elementor-section-height-default\" data-id=\"25767934\" data-element_type=\"section\">\n\t\t\t\t\t\t<div class=\"elementor-container elementor-column-gap-default\">\n\t\t\t\t\t<div class=\"elementor-column elementor-col-50 elementor-top-column elementor-element elementor-element-676bb457\" data-id=\"676bb457\" data-element_type=\"column\" data-settings=\"{&quot;background_background&quot;:&quot;classic&quot;}\">\n\t\t\t<div class=\"elementor-widget-wrap elementor-element-populated\">\n\t\t\t\t\t\t\t\t<div class=\"elementor-element elementor-element-50a777a3 elementor-widget__width-initial elementor-widget elementor-widget-heading\" data-id=\"50a777a3\" data-element_type=\"widget\" data-widget_type=\"heading.default\">\n\t\t\t\t<div class=\"elementor-widget-container\">\n\t\t\t<h1 class=\"elementor-heading-title elementor-size-default\">Grundierung Die Gelbe<\/h1>\t\t<\/div>\n\t\t\t\t<\/div>\n\t\t\t\t\t<\/div>\n\t\t<\/div>\n\t\t\t\t<div class=\"elementor-column elementor-col-50 elementor-top-column elementor-element elementor-element-68841b8d\" data-id=\"68841b8d\" data-element_type=\"column\" data-settings=\"{&quot;background_background&quot;:&quot;classic&quot;}\">\n\t\t\t<div class=\"elementor-widget-wrap elementor-element-populated\">\n\t\t\t\t\t\t\t\t<div class=\"elementor-element elementor-element-265a28ac elementor-widget elementor-widget-spacer\" data-id=\"265a28ac\" data-element_type=\"widget\" data-widget_type=\"spacer.default\">\n\t\t\t\t<div class=\"elementor-widget-container\">\n\t\t\t\t\t<div class=\"elementor-spacer\">\n\t\t\t<div class=\"elementor-spacer-inner\"><\/div>\n\t\t<\/div>\n\t\t\t\t<\/div>\n\t\t\t\t<\/div>\n\t\t\t\t\t<\/div>\n\t\t<\/div>\n\t\t\t\t\t\t\t<\/div>\n\t\t<\/section>\n\t\t\t\t<section class=\"elementor-section elementor-top-section elementor-element elementor-element-4674c5ad elementor-section-boxed elementor-section-height-default elementor-section-height-default\" data-id=\"4674c5ad\" data-element_type=\"section\">\n\t\t\t\t\t\t<div class=\"elementor-container elementor-column-gap-default\">\n\t\t\t\t\t<div class=\"elementor-column elementor-col-50 elementor-top-column elementor-element elementor-element-1a93af7c\" data-id=\"1a93af7c\" data-element_type=\"column\">\n\t\t\t<div class=\"elementor-widget-wrap elementor-element-populated\">\n\t\t\t\t\t\t\t\t<div class=\"elementor-element elementor-element-306767e3 elementor-widget-divider--separator-type-pattern elementor-widget-divider--view-line elementor-widget elementor-widget-divider\" data-id=\"306767e3\" data-element_type=\"widget\" data-widget_type=\"divider.default\">\n\t\t\t\t<div class=\"elementor-widget-container\">\n\t\t\t\t\t<div class=\"elementor-divider\" style=\"--divider-pattern-url: url(&quot;data:image\/svg+xml,%3Csvg xmlns=&#039;http:\/\/www.w3.org\/2000\/svg&#039; preserveAspectRatio=&#039;none&#039; overflow=&#039;visible&#039; height=&#039;100%&#039; viewBox=&#039;0 0 20 16&#039; fill=&#039;none&#039; stroke=&#039;black&#039; stroke-width=&#039;2.2&#039; stroke-linecap=&#039;square&#039; stroke-miterlimit=&#039;10&#039;%3E%3Cg transform=&#039;translate(-12.000000, 0)&#039;%3E%3Cpath d=&#039;M28,0L10,18&#039;\/%3E%3Cpath d=&#039;M18,0L0,18&#039;\/%3E%3Cpath d=&#039;M48,0L30,18&#039;\/%3E%3Cpath d=&#039;M38,0L20,18&#039;\/%3E%3C\/g%3E%3C\/svg%3E&quot;);\">\n\t\t\t<span class=\"elementor-divider-separator\">\n\t\t\t\t\t\t<\/span>\n\t\t<\/div>\n\t\t\t\t<\/div>\n\t\t\t\t<\/div>\n\t\t\t\t<div class=\"elementor-element elementor-element-2de1ca9 elementor-widget elementor-widget-icon-box\" data-id=\"2de1ca9\" data-element_type=\"widget\" data-widget_type=\"icon-box.default\">\n\t\t\t\t<div class=\"elementor-widget-container\">\n\t\t\t\t\t<div class=\"elementor-icon-box-wrapper\">\n\t\t\t\t\t\t<div class=\"elementor-icon-box-content\">\n\t\t\t\t<h3 class=\"elementor-icon-box-title\">\n\t\t\t\t\t<span  >\n\t\t\t\t\t\tFl\u00fcssige Grundierung mit feiner K\u00f6rnung vor dem Auftrag von feinem Lehm- Oberputz und YOSIMA Lehm-Designputz. Die GELBE sorgt f\u00fcr feink\u00f6rnige Griffigkeit, mindert und egalisiert die Saugf\u00e4higkeit und sch\u00fctzt Gipskarton- und andere Bauplatten vor N\u00e4sse aus dem Lehmputzauftrag.\t\t\t\t\t<\/span>\n\t\t\t\t<\/h3>\n\t\t\t\t\t\t\t<\/div>\n\t\t<\/div>\n\t\t\t\t<\/div>\n\t\t\t\t<\/div>\n\t\t\t\t<div class=\"elementor-element elementor-element-6b8d146c elementor-align-left elementor-tablet-align-center elementor-widget elementor-widget-button\" data-id=\"6b8d146c\" data-element_type=\"widget\" data-widget_type=\"button.default\">\n\t\t\t\t<div class=\"elementor-widget-container\">\n\t\t\t\t\t<div class=\"elementor-button-wrapper\">\n\t\t\t<a class=\"elementor-button elementor-button-link elementor-size-xs\" href=\"https:\/\/drive.google.com\/file\/d\/157A6qCpUbL0stD9ju5u2rxDKjHqTb4Pw\/view?usp=sharing\" target=\"_blank\">\n\t\t\t\t\t\t<span class=\"elementor-button-content-wrapper\">\n\t\t\t\t\t\t<span class=\"elementor-button-icon elementor-align-icon-left\">\n\t\t\t\t<i aria-hidden=\"true\" class=\"fas fa-cloud-download-alt\"><\/i>\t\t\t<\/span>\n\t\t\t\t\t\t<span class=\"elementor-button-text\">Technisches Datenblatt herunterladen<\/span>\n\t\t<\/span>\n\t\t\t\t\t<\/a>\n\t\t<\/div>\n\t\t\t\t<\/div>\n\t\t\t\t<\/div>\n\t\t\t\t<div class=\"elementor-element elementor-element-70e7c4d elementor-widget elementor-widget-icon-box\" data-id=\"70e7c4d\" data-element_type=\"widget\" data-widget_type=\"icon-box.default\">\n\t\t\t\t<div class=\"elementor-widget-container\">\n\t\t\t\t\t<div class=\"elementor-icon-box-wrapper\">\n\t\t\t\t\t\t<div class=\"elementor-icon-box-content\">\n\t\t\t\t<h3 class=\"elementor-icon-box-title\">\n\t\t\t\t\t<span  >\n\t\t\t\t\t\tZusammensetzung:\t\t\t\t\t<\/span>\n\t\t\t\t<\/h3>\n\t\t\t\t\t\t\t\t\t<p class=\"elementor-icon-box-description\">\n\t\t\t\t\t\tGrundierungen: Wasser, Calciumcarbonat, Wasserglas, Ton, Dispersion < 5% (Verbesserung der Haftungseigenschaften und Anwendungssicherheit), Titandioxid (in DIE WEISSE), Methylcellulose, Xanthan. K\u00f6rnung DIE ROTE 0-1,8 mm, DIE GELBE 0-1 mm, DIE WEISSE ist ohne K\u00f6rnung.\t\t\t\t\t<\/p>\n\t\t\t\t\t\t\t<\/div>\n\t\t<\/div>\n\t\t\t\t<\/div>\n\t\t\t\t<\/div>\n\t\t\t\t<div class=\"elementor-element elementor-element-73043ae elementor-widget elementor-widget-icon-box\" data-id=\"73043ae\" data-element_type=\"widget\" data-widget_type=\"icon-box.default\">\n\t\t\t\t<div class=\"elementor-widget-container\">\n\t\t\t\t\t<div class=\"elementor-icon-box-wrapper\">\n\t\t\t\t\t\t<div class=\"elementor-icon-box-content\">\n\t\t\t\t<h3 class=\"elementor-icon-box-title\">\n\t\t\t\t\t<span  >\n\t\t\t\t\t\tLieferformen, Ergiebigkeit:\t\t\t\t\t<\/span>\n\t\t\t\t<\/h3>\n\t\t\t\t\t\t\t\t\t<p class=\"elementor-icon-box-description\">\n\t\t\t\t\t\t>Art.-Nr. 13.420 5 l-Eimer, 56 Eimer\/Pal, \ufb02\u00fcssig, f\u00fcr ca. 25 m2. <br>\n> Art.-Nr. 13.425 10 l-Eimer, 24 Eimer\/Pal, \ufb02\u00fcssig, f\u00fcr ca. 50 m2.\n\n\n\n\n\n\n\t\t\t\t\t<\/p>\n\t\t\t\t\t\t\t<\/div>\n\t\t<\/div>\n\t\t\t\t<\/div>\n\t\t\t\t<\/div>\n\t\t\t\t<div class=\"elementor-element elementor-element-179cccb elementor-widget elementor-widget-icon-box\" data-id=\"179cccb\" data-element_type=\"widget\" data-widget_type=\"icon-box.default\">\n\t\t\t\t<div class=\"elementor-widget-container\">\n\t\t\t\t\t<div class=\"elementor-icon-box-wrapper\">\n\t\t\t\t\t\t<div class=\"elementor-icon-box-content\">\n\t\t\t\t<h3 class=\"elementor-icon-box-title\">\n\t\t\t\t\t<span  >\n\t\t\t\t\t\tLagerung:\t\t\t\t\t<\/span>\n\t\t\t\t<\/h3>\n\t\t\t\t\t\t\t\t\t<p class=\"elementor-icon-box-description\">\n\t\t\t\t\t\tDie Lagerung in geschlossenen Gebinden ist trocken und k\u00fchl (frostfrei!) f\u00fcr maximal ein Jahr m\u00f6glich. Angebrochene Gebinde wieder fest verschlie\u00dfen.\t\t\t\t\t<\/p>\n\t\t\t\t\t\t\t<\/div>\n\t\t<\/div>\n\t\t\t\t<\/div>\n\t\t\t\t<\/div>\n\t\t\t\t<div class=\"elementor-element elementor-element-20070a6 elementor-widget elementor-widget-icon-box\" data-id=\"20070a6\" data-element_type=\"widget\" data-widget_type=\"icon-box.default\">\n\t\t\t\t<div class=\"elementor-widget-container\">\n\t\t\t\t\t<div class=\"elementor-icon-box-wrapper\">\n\t\t\t\t\t\t<div class=\"elementor-icon-box-content\">\n\t\t\t\t<h3 class=\"elementor-icon-box-title\">\n\t\t\t\t\t<span  >\n\t\t\t\t\t\tAufbereitung:\t\t\t\t\t<\/span>\n\t\t\t\t<\/h3>\n\t\t\t\t\t\t\t\t\t<p class=\"elementor-icon-box-description\">\n\t\t\t\t\t\tIn der Regel unverd\u00fcnnt gr\u00fcndlich aufquirlen. Bei Tiefengrund und Festiger ist bei der Festigung von Lehmputzoberfl\u00e4chen eine Wasserzugabe bis 25% m\u00f6glich. Bei Grundierungen grunds\u00e4tzlich bis 5%. Gr\u00fcndlich aufr\u00fchren. Geeignet insbesondere f\u00fcr DIE ROTE (ggf. auch f\u00fcr DIE GELBE) sind R\u00fchrst\u00e4be, z.B. Collomix R\u00fchrer LX 90 S (Art.-Nr. 40950-000) oder Pajarito R\u00fchrer mit zwei Mischtellern 10 x 50 cm (Art.-Nr. 89429) sowie eine ausreichend starke Bohrmaschine\/Akuschrauber. Gegen Ende der zul\u00e4ssigen Lagerungszeit sind Anhaftungen am Eimerboden nicht auszuschlie\u00dfen, die mit dem R\u00fchrstab aufgearbeitet werden k\u00f6nnen.\n\n\n\n\n\n\t\t\t\t\t<\/p>\n\t\t\t\t\t\t\t<\/div>\n\t\t<\/div>\n\t\t\t\t<\/div>\n\t\t\t\t<\/div>\n\t\t\t\t<div class=\"elementor-element elementor-element-12f7381 elementor-widget elementor-widget-icon-box\" data-id=\"12f7381\" data-element_type=\"widget\" data-widget_type=\"icon-box.default\">\n\t\t\t\t<div class=\"elementor-widget-container\">\n\t\t\t\t\t<div class=\"elementor-icon-box-wrapper\">\n\t\t\t\t\t\t<div class=\"elementor-icon-box-content\">\n\t\t\t\t<h3 class=\"elementor-icon-box-title\">\n\t\t\t\t\t<span  >\n\t\t\t\t\t\tVerarbeitung:\t\t\t\t\t<\/span>\n\t\t\t\t<\/h3>\n\t\t\t\t\t\t\t\t\t<p class=\"elementor-icon-box-description\">\n\t\t\t\t\t\tDer Auftrag erfolgt satt fl\u00e4chendeckend per Kurzflor-Rolle oder mit der B\u00fcrste. Soll Tiefengrund und Festiger tief in den Untergrund eindringen sind mehrere Auftr\u00e4ge nass in nass zu empfehlen.\n\n\n\n\n\n\n\t\t\t\t\t<\/p>\n\t\t\t\t\t\t\t<\/div>\n\t\t<\/div>\n\t\t\t\t<\/div>\n\t\t\t\t<\/div>\n\t\t\t\t<div class=\"elementor-element elementor-element-3d6bdc3 elementor-widget elementor-widget-icon-box\" data-id=\"3d6bdc3\" data-element_type=\"widget\" data-widget_type=\"icon-box.default\">\n\t\t\t\t<div class=\"elementor-widget-container\">\n\t\t\t\t\t<div class=\"elementor-icon-box-wrapper\">\n\t\t\t\t\t\t<div class=\"elementor-icon-box-content\">\n\t\t\t\t<h3 class=\"elementor-icon-box-title\">\n\t\t\t\t\t<span  >\n\t\t\t\t\t\tTrocknung:\t\t\t\t\t<\/span>\n\t\t\t\t<\/h3>\n\t\t\t\t\t\t\t\t\t<p class=\"elementor-icon-box-description\">\n\t\t\t\t\t\tDer folgende Auftrag ist erst nach vollst\u00e4ndiger Trocknung, fr\u00fchestens nach 48 Stunden m\u00f6glich. Die Trocknung ist abh\u00e4ngig von Temperatur und Luftfeuchtigkeit.\n\n\n\n\n\n\n\t\t\t\t\t<\/p>\n\t\t\t\t\t\t\t<\/div>\n\t\t<\/div>\n\t\t\t\t<\/div>\n\t\t\t\t<\/div>\n\t\t\t\t<div class=\"elementor-element elementor-element-7929c8f elementor-widget elementor-widget-icon-box\" data-id=\"7929c8f\" data-element_type=\"widget\" data-widget_type=\"icon-box.default\">\n\t\t\t\t<div class=\"elementor-widget-container\">\n\t\t\t\t\t<div class=\"elementor-icon-box-wrapper\">\n\t\t\t\t\t\t<div class=\"elementor-icon-box-content\">\n\t\t\t\t<h3 class=\"elementor-icon-box-title\">\n\t\t\t\t\t<span  >\n\t\t\t\t\t\tGebindegr\u00f6\u00dfen\/Preise:\t\t\t\t\t<\/span>\n\t\t\t\t<\/h3>\n\t\t\t\t\t\t\t\t\t<p class=\"elementor-icon-box-description\">\n\t\t\t\t\t\t1 Eimer 10l, Reichweit 50m\u00b2, 96,89\u20ac <br>\n1 Eimer 5l, Reichweit 25m\u00b2, 55,70\u20ac\n\n\n\n\n\n\n\n\n\t\t\t\t\t<\/p>\n\t\t\t\t\t\t\t<\/div>\n\t\t<\/div>\n\t\t\t\t<\/div>\n\t\t\t\t<\/div>\n\t\t\t\t\t<\/div>\n\t\t<\/div>\n\t\t\t\t<div class=\"elementor-column elementor-col-50 elementor-top-column elementor-element elementor-element-4ea6edec\" data-id=\"4ea6edec\" data-element_type=\"column\">\n\t\t\t<div class=\"elementor-widget-wrap elementor-element-populated\">\n\t\t\t\t\t\t\t\t<div class=\"elementor-element elementor-element-230054e1 elementor-widget-tablet__width-initial elementor-widget elementor-widget-icon-box\" data-id=\"230054e1\" data-element_type=\"widget\" data-widget_type=\"icon-box.default\">\n\t\t\t\t<div class=\"elementor-widget-container\">\n\t\t\t\t\t<div class=\"elementor-icon-box-wrapper\">\n\t\t\t\t\t\t<div class=\"elementor-icon-box-content\">\n\t\t\t\t<h3 class=\"elementor-icon-box-title\">\n\t\t\t\t\t<span  >\n\t\t\t\t\t\tKategorien und Produkt\t\t\t\t\t<\/span>\n\t\t\t\t<\/h3>\n\t\t\t\t\t\t\t<\/div>\n\t\t<\/div>\n\t\t\t\t<\/div>\n\t\t\t\t<\/div>\n\t\t\t\t<div class=\"elementor-element elementor-element-76e58062 elementor-widget elementor-widget-heading\" data-id=\"76e58062\" data-element_type=\"widget\" data-widget_type=\"heading.default\">\n\t\t\t\t<div class=\"elementor-widget-container\">\n\t\t\t<h2 class=\"elementor-heading-title elementor-size-default\">HOLZ<\/h2>\t\t<\/div>\n\t\t\t\t<\/div>\n\t\t\t\t<div class=\"elementor-element elementor-element-76930300 elementor-widget-tablet__width-initial elementor-widget elementor-widget-text-editor\" data-id=\"76930300\" data-element_type=\"widget\" data-widget_type=\"text-editor.default\">\n\t\t\t\t<div class=\"elementor-widget-container\">\n\t\t\t\t\t\t\t<ul><li><a href=\"https:\/\/jesushernansanz.com\/de\/productos\/holzlasur-fuer-aussen-farblos\/\">Holzlasur f\u00fcr au\u00dfen (farblos) KREIDEZEIT &gt;<\/a><\/li><li><a href=\"https:\/\/jesushernansanz.com\/de\/productos\/holzhartoel\/\">Holzhart\u00f6l KREIDEZEIT &gt;<\/a><\/li><li><a href=\"https:\/\/jesushernansanz.com\/de\/productos\/hartwachsol-losemittelfrei\/\">Hartwachs\u00f6l \u2013 l\u00f6semittelfrei KREIDEZEIT &gt;<\/a><\/li><li><a href=\"https:\/\/jesushernansanz.com\/de\/productos\/fussbodenhartol\/\">Fu\u00dfbodenhart\u00f6l KREIDEZEIT &gt;<\/a><\/li><li><a href=\"https:\/\/jesushernansanz.com\/de\/productos\/saflor-lappenwachs\/\">Saflor Lappenwachs KREIDEZEIT &gt;<\/a><\/li><li><a href=\"https:\/\/jesushernansanz.com\/de\/productos\/carnaubawachs-emulsion\/\">Carnaubawachs Emulsion KREIDEZEIT &gt;<\/a><\/li><li><a href=\"https:\/\/jesushernansanz.com\/de\/productos\/arbeitsplattenoel\/\">Arbeitsplatten\u00f6l KREIDEZEIT &gt;<\/a>\u00a0<\/li><li><a href=\"https:\/\/jesushernansanz.com\/de\/productos\/balsamterpentinoel-doppelt-rektifiziert\/\">Balsamterpentin\u00f6l \u2013 doppelt rektifiziert KREIDEZEIT &gt;<\/a><\/li><li><a href=\"https:\/\/jesushernansanz.com\/de\/productos\/gartenmoebeloel\/\">Gartenm\u00f6bel\u00f6l KREIDEZEIT &gt;<\/a><\/li><li><a href=\"https:\/\/jesushernansanz.com\/de\/productos\/grundieroel\/\">Grundier\u00f6l KREIDEZEIT &gt;<\/a><\/li><li><a href=\"https:\/\/jesushernansanz.com\/de\/productos\/holzlasur-farbig\/\">Holzlasur farbig KREIDEZEIT &gt;<\/a><\/li><li><a href=\"https:\/\/jesushernansanz.com\/de\/productos\/leinoelfirniss\/\">Lein\u00f6lfirniss KREIDEZEIT &gt;<\/a><\/li><li><a href=\"https:\/\/jesushernansanz.com\/de\/productos\/orangenschalenoel\/\">Orangenschalen\u00f6l KREIDEZEIT &gt;<\/a><\/li><li><a href=\"https:\/\/jesushernansanz.com\/de\/productos\/standoelfarbe-harzfrei\/\">Stand\u00f6lfarbe \u2013 harzfrei KREIDEZEIT &gt;<\/a><\/li><li><a href=\"https:\/\/jesushernansanz.com\/de\/productos\/versilberungslasur\/\">Versilberungslasur KREIDEZEIT &gt;<\/a><\/li><\/ul>\t\t\t\t\t\t<\/div>\n\t\t\t\t<\/div>\n\t\t\t\t<div class=\"elementor-element elementor-element-2a58abbf elementor-widget elementor-widget-heading\" data-id=\"2a58abbf\" data-element_type=\"widget\" data-widget_type=\"heading.default\">\n\t\t\t\t<div class=\"elementor-widget-container\">\n\t\t\t<h2 class=\"elementor-heading-title elementor-size-default\">LEHM<\/h2>\t\t<\/div>\n\t\t\t\t<\/div>\n\t\t\t\t<div class=\"elementor-element elementor-element-6e1e51 elementor-widget elementor-widget-text-editor\" data-id=\"6e1e51\" data-element_type=\"widget\" data-widget_type=\"text-editor.default\">\n\t\t\t\t<div class=\"elementor-widget-container\">\n\t\t\t\t\t\t\t<ul><li><a href=\"https:\/\/jesushernansanz.com\/de\/productos\/yosima-lehm-designputz\/\">Lehm-Designputz YOSIMA\u00a0 &gt;<\/a><\/li><li><a href=\"https:\/\/jesushernansanz.com\/de\/productos\/lehmfeinputz\/\">Lehmfeinputz KREIDEZEIT &gt;<\/a><\/li><li><a href=\"https:\/\/jesushernansanz.com\/de\/productos\/punisches-wachs\/\">Punisches Wachs KREIDEZEIT &gt;<\/a><\/li><li><a href=\"https:\/\/jesushernansanz.com\/de\/productos\/lithiumwasserglas\/\">Lithiumwasserglas KREIDEZEIT &gt;<\/a><\/li><li><a href=\"https:\/\/jesushernansanz.com\/de\/productos\/lehmputz-mineral\/\">Lehmputz Mineral CLAYTEC &gt;\u00a0<\/a><\/li><li><a href=\"https:\/\/jesushernansanz.com\/de\/productos\/lehm-unterputz-mit-stroh\/\">Lehm-Unterputz mit Stroh CLAYTEC &gt;<\/a><\/li><li><a href=\"https:\/\/jesushernansanz.com\/de\/productos\/lehm-oberputz-fein-06\/\">Lehm-Oberputz fein 06 CLAYTEC &gt;<\/a><\/li><li><a href=\"https:\/\/jesushernansanz.com\/de\/productos\/lehmbauplatten-schwer\/\">Lehmbauplatten schwer CLAYTEC &gt;<\/a><\/li><li><a href=\"https:\/\/jesushernansanz.com\/de\/productos\/claytec-lehmbauplatte-d22-solar\/\">Lehmbauplatte D22 solar CLAYTEC &gt;<\/a><\/li><li><a href=\"https:\/\/jesushernansanz.com\/de\/productos\/lehmklebe-und-armiermoertel\/\">Lehmklebe- und Armierm\u00f6rtel CLAYTEC &gt;<\/a><\/li><li><a href=\"https:\/\/jesushernansanz.com\/de\/productos\/glasgewebe\/\">Glasgewebe CLAYTEC &gt;<\/a><\/li><li><a href=\"https:\/\/jesushernansanz.com\/de\/productos\/yosima-lehm-farbspachtel\/\">Lehm-Farbspachtel YOSIMA &gt;<\/a><\/li><\/ul>\t\t\t\t\t\t<\/div>\n\t\t\t\t<\/div>\n\t\t\t\t<div class=\"elementor-element elementor-element-411d14c3 elementor-widget elementor-widget-heading\" data-id=\"411d14c3\" data-element_type=\"widget\" data-widget_type=\"heading.default\">\n\t\t\t\t<div class=\"elementor-widget-container\">\n\t\t\t<h2 class=\"elementor-heading-title elementor-size-default\">KALK<\/h2>\t\t<\/div>\n\t\t\t\t<\/div>\n\t\t\t\t<div class=\"elementor-element elementor-element-589cd99 elementor-widget elementor-widget-text-editor\" data-id=\"589cd99\" data-element_type=\"widget\" data-widget_type=\"text-editor.default\">\n\t\t\t\t<div class=\"elementor-widget-container\">\n\t\t\t\t\t\t\t<ul><li aria-level=\"1\"><a href=\"https:\/\/jesushernansanz.com\/de\/productos\/stucco-feinspachtel\/\">Stucco Feinspachtel KREIDEZEIT &gt;<\/a><\/li><li aria-level=\"1\"><a href=\"https:\/\/jesushernansanz.com\/de\/productos\/kalkglaette\/\">Kalkgl\u00e4tte KREIDEZEIT &gt;<\/a><\/li><li aria-level=\"1\"><a href=\"https:\/\/jesushernansanz.com\/de\/productos\/wandspachtel\/\">Wandspachtel KREIDEZEIT &gt;<\/a><\/li><li aria-level=\"1\"><a href=\"https:\/\/jesushernansanz.com\/de\/productos\/carnaubawachs-emulsion\/\">Carnaubawachs Emulsion KREIDEZEIT &gt;<\/a><\/li><li aria-level=\"1\"><a href=\"https:\/\/jesushernansanz.com\/de\/productos\/kalk-haftputz\/\">Kalk Haftputz KREIDEZEIT &gt;<\/a><\/li><li aria-level=\"1\"><a href=\"https:\/\/jesushernansanz.com\/de\/productos\/kalk-haftputz-fein\/\">Kalk Haftputz fein KREIDEZEIT &gt;<\/a><\/li><li aria-level=\"1\"><a href=\"https:\/\/jesushernansanz.com\/de\/productos\/marmorino\/\">Marmorino KREIDEZEIT &gt;<\/a><\/li><li aria-level=\"1\"><a href=\"https:\/\/jesushernansanz.com\/de\/productos\/schimmel-sanierputz\/\">Schimmel Sanierputz KREIDEZEIT &gt;<\/a><\/li><li aria-level=\"1\"><a href=\"https:\/\/jesushernansanz.com\/de\/productos\/tadelakt\/\">Tadelakt KREIDEZEIT &gt;<\/a><\/li><li aria-level=\"1\"><a href=\"https:\/\/jesushernansanz.com\/de\/productos\/glaetteseife\/\">Gl\u00e4tteseife Konzentrat KREIDEZEIT &gt;<\/a><\/li><li aria-level=\"1\"><a href=\"https:\/\/jesushernansanz.com\/de\/productos\/kaliwasserglas\/\">Alaun Grundiersalz KREIDEZEIT &gt;<\/a><\/li><\/ul>\t\t\t\t\t\t<\/div>\n\t\t\t\t<\/div>\n\t\t\t\t<div class=\"elementor-element elementor-element-3d3e6f0f elementor-widget elementor-widget-heading\" data-id=\"3d3e6f0f\" data-element_type=\"widget\" data-widget_type=\"heading.default\">\n\t\t\t\t<div class=\"elementor-widget-container\">\n\t\t\t<h2 class=\"elementor-heading-title elementor-size-default\">FARBEN UND GRUNDIERUNGEN<\/h2>\t\t<\/div>\n\t\t\t\t<\/div>\n\t\t\t\t<div class=\"elementor-element elementor-element-559576b1 elementor-widget elementor-widget-text-editor\" data-id=\"559576b1\" data-element_type=\"widget\" data-widget_type=\"text-editor.default\">\n\t\t\t\t<div class=\"elementor-widget-container\">\n\t\t\t\t\t\t\t<ul><li aria-level=\"1\"><a href=\"https:\/\/jesushernansanz.com\/de\/productos\/vega-wandfarbe\/\">Vega Wandfarbe KREIDEZEIT &gt;<\/a><\/li><li aria-level=\"1\"><a href=\"https:\/\/jesushernansanz.com\/de\/productos\/lehmfarbe-weiss\/\">Lehmfarbe wei\u00df KREIDEZEIT &gt;<\/a><\/li><li aria-level=\"1\"><a href=\"https:\/\/jesushernansanz.com\/de\/productos\/vollton-bindemittel\/\">Vollton Bindemittel KREIDEZEIT &gt;<\/a><\/li><li aria-level=\"1\"><a href=\"https:\/\/jesushernansanz.com\/de\/productos\/kasein-marmormehlfarbe\/\">Kasein Marmormehlfarbe KREIDEZEIT &gt;<\/a><\/li><li aria-level=\"1\"><a href=\"https:\/\/jesushernansanz.com\/de\/productos\/carnaubawachs-emulsion\/\">Carnaubawachs Emulsion KREIDEZEIT\u00a0 &gt;<\/a><\/li><li aria-level=\"1\"><a href=\"https:\/\/jesushernansanz.com\/de\/productos\/vega-grundierung\/\">Vega Grundierung KREIDEZEIT &gt;<\/a><\/li><li aria-level=\"1\"><a href=\"https:\/\/jesushernansanz.com\/de\/productos\/wandlasur-bindemittel\/\">Wandlasur Bindemittel KREIDEZEIT &gt;<\/a><\/li><li aria-level=\"1\"><a href=\"https:\/\/jesushernansanz.com\/de\/productos\/lehm-anstrich\/\">Lehm-Anstrich CLAYFIX &gt;<\/a><\/li><li aria-level=\"1\"><a href=\"https:\/\/jesushernansanz.com\/de\/productos\/rostschutzfarbe\/\">Rostschutzfarbe KREIDEZEIT &gt;<\/a><\/li><li aria-level=\"1\"><a href=\"https:\/\/jesushernansanz.com\/de\/productos\/kaliwasserglas\/\">Alaun Grundiersalz KREIDEZEIT &gt;<\/a><\/li><li aria-level=\"1\"><a href=\"https:\/\/jesushernansanz.com\/de\/productos\/sumpfkalkfarbe-weiss\/\">Sumpfkalkfarbe wei\u00df KREIDEZEIT &gt;<\/a><\/li><li aria-level=\"1\"><a href=\"https:\/\/jesushernansanz.com\/de\/productos\/schimmelknacker\/\">Schimmelknacker KREIDEZEIT &gt;<\/a><\/li><li aria-level=\"1\"><a href=\"https:\/\/jesushernansanz.com\/de\/productos\/schellack-isoliergrund\/\">Schellack Isoliergrund KREIDEZEIT &gt;<\/a><\/li><li aria-level=\"1\"><a href=\"https:\/\/jesushernansanz.com\/de\/productos\/grundierung-die-weisse\/\">Grundierung Die Weisse CLAYTEC &gt;<\/a><\/li><li aria-level=\"1\"><a href=\"https:\/\/jesushernansanz.com\/de\/productos\/grundierung-die-gelbe\/\">Grundierung Die Gelbe CLAYTEC &gt;<\/a><\/li><li aria-level=\"1\"><a href=\"https:\/\/jesushernansanz.com\/de\/productos\/grundierung-die-rote\/\">Grundierung Die Rote CLAYTEC &gt;\u00a0<\/a><\/li><\/ul>\t\t\t\t\t\t<\/div>\n\t\t\t\t<\/div>\n\t\t\t\t<div class=\"elementor-element elementor-element-75fa6230 elementor-widget elementor-widget-heading\" data-id=\"75fa6230\" data-element_type=\"widget\" data-widget_type=\"heading.default\">\n\t\t\t\t<div class=\"elementor-widget-container\">\n\t\t\t<h2 class=\"elementor-heading-title elementor-size-default\"><a href=\"https:\/\/jesushernansanz.com\/de\/productos\/pigmenten\/\">PIGMENTEN &gt;<\/a><\/h2>\t\t<\/div>\n\t\t\t\t<\/div>\n\t\t\t\t\t<\/div>\n\t\t<\/div>\n\t\t\t\t\t\t\t<\/div>\n\t\t<\/section>\n\t\t\t\t<section class=\"elementor-section elementor-top-section elementor-element elementor-element-47d0964c elementor-section-boxed elementor-section-height-default elementor-section-height-default\" data-id=\"47d0964c\" data-element_type=\"section\">\n\t\t\t\t\t\t<div class=\"elementor-container elementor-column-gap-default\">\n\t\t\t\t\t<div class=\"elementor-column elementor-col-50 elementor-top-column elementor-element elementor-element-27a4574d\" data-id=\"27a4574d\" data-element_type=\"column\">\n\t\t\t<div class=\"elementor-widget-wrap elementor-element-populated\">\n\t\t\t\t\t\t\t\t<div class=\"elementor-element elementor-element-4906ffef elementor-widget-divider--separator-type-pattern elementor-widget-divider--view-line elementor-widget elementor-widget-divider\" data-id=\"4906ffef\" data-element_type=\"widget\" data-widget_type=\"divider.default\">\n\t\t\t\t<div class=\"elementor-widget-container\">\n\t\t\t\t\t<div class=\"elementor-divider\" style=\"--divider-pattern-url: url(&quot;data:image\/svg+xml,%3Csvg xmlns=&#039;http:\/\/www.w3.org\/2000\/svg&#039; preserveAspectRatio=&#039;none&#039; overflow=&#039;visible&#039; height=&#039;100%&#039; viewBox=&#039;0 0 20 16&#039; fill=&#039;none&#039; stroke=&#039;black&#039; stroke-width=&#039;2.2&#039; stroke-linecap=&#039;square&#039; stroke-miterlimit=&#039;10&#039;%3E%3Cg transform=&#039;translate(-12.000000, 0)&#039;%3E%3Cpath d=&#039;M28,0L10,18&#039;\/%3E%3Cpath d=&#039;M18,0L0,18&#039;\/%3E%3Cpath d=&#039;M48,0L30,18&#039;\/%3E%3Cpath d=&#039;M38,0L20,18&#039;\/%3E%3C\/g%3E%3C\/svg%3E&quot;);\">\n\t\t\t<span class=\"elementor-divider-separator\">\n\t\t\t\t\t\t<\/span>\n\t\t<\/div>\n\t\t\t\t<\/div>\n\t\t\t\t<\/div>\n\t\t\t\t<div class=\"elementor-element elementor-element-5477d520 elementor-widget elementor-widget-heading\" data-id=\"5477d520\" data-element_type=\"widget\" data-widget_type=\"heading.default\">\n\t\t\t\t<div class=\"elementor-widget-container\">\n\t\t\t<h2 class=\"elementor-heading-title elementor-size-default\">Produkt-FAQs<\/h2>\t\t<\/div>\n\t\t\t\t<\/div>\n\t\t\t\t<div class=\"elementor-element elementor-element-a1f081 elementor-widget elementor-widget-heading\" data-id=\"a1f081\" data-element_type=\"widget\" data-widget_type=\"heading.default\">\n\t\t\t\t<div class=\"elementor-widget-container\">\n\t\t\t<h2 class=\"elementor-heading-title elementor-size-default\">01.<\/h2>\t\t<\/div>\n\t\t\t\t<\/div>\n\t\t\t\t<div class=\"elementor-element elementor-element-332576e6 elementor-widget elementor-widget-icon-box\" data-id=\"332576e6\" data-element_type=\"widget\" data-widget_type=\"icon-box.default\">\n\t\t\t\t<div class=\"elementor-widget-container\">\n\t\t\t\t\t<div class=\"elementor-icon-box-wrapper\">\n\t\t\t\t\t\t<div class=\"elementor-icon-box-content\">\n\t\t\t\t<h3 class=\"elementor-icon-box-title\">\n\t\t\t\t\t<span  >\n\t\t\t\t\t\tLiefern Sie die Produkte in jedes europ\u00e4ische Land?\t\t\t\t\t<\/span>\n\t\t\t\t<\/h3>\n\t\t\t\t\t\t\t\t\t<p class=\"elementor-icon-box-description\">\n\t\t\t\t\t\tWir haben keinen Online-Shop, aber wir k\u00f6nnen in jedes Land in Europa liefern. Der Kunde kontaktiert uns per E-Mail und wir werden ihm ein Angebot f\u00fcr die Versandkosten entsprechend der Lieferadresse geben.\t\t\t\t\t<\/p>\n\t\t\t\t\t\t\t<\/div>\n\t\t<\/div>\n\t\t\t\t<\/div>\n\t\t\t\t<\/div>\n\t\t\t\t<div class=\"elementor-element elementor-element-751aff98 elementor-widget elementor-widget-heading\" data-id=\"751aff98\" data-element_type=\"widget\" data-widget_type=\"heading.default\">\n\t\t\t\t<div class=\"elementor-widget-container\">\n\t\t\t<h2 class=\"elementor-heading-title elementor-size-default\">02.<\/h2>\t\t<\/div>\n\t\t\t\t<\/div>\n\t\t\t\t<div class=\"elementor-element elementor-element-58b5c20f elementor-widget elementor-widget-icon-box\" data-id=\"58b5c20f\" data-element_type=\"widget\" data-widget_type=\"icon-box.default\">\n\t\t\t\t<div class=\"elementor-widget-container\">\n\t\t\t\t\t<div class=\"elementor-icon-box-wrapper\">\n\t\t\t\t\t\t<div class=\"elementor-icon-box-content\">\n\t\t\t\t<h3 class=\"elementor-icon-box-title\">\n\t\t\t\t\t<span  >\n\t\t\t\t\t\tAuf welchen Oberfl\u00e4chen k\u00f6nnen Naturfarben verwendet werden?\t\t\t\t\t<\/span>\n\t\t\t\t<\/h3>\n\t\t\t\t\t\t\t\t\t<p class=\"elementor-icon-box-description\">\n\t\t\t\t\t\tNaturfarben werden wie herk\u00f6mmliche Farben auf Untergr\u00fcnde aus Kalk, Gips, Lehm, Zement und Gipskartonplatten aufgetragen. Aus neuen Untergr\u00fcnden wird eine Grundierung empfohlen, um die Absorption des Untergrunds zu verringern.\t\t\t\t\t<\/p>\n\t\t\t\t\t\t\t<\/div>\n\t\t<\/div>\n\t\t\t\t<\/div>\n\t\t\t\t<\/div>\n\t\t\t\t<div class=\"elementor-element elementor-element-71c14a71 elementor-widget elementor-widget-heading\" data-id=\"71c14a71\" data-element_type=\"widget\" data-widget_type=\"heading.default\">\n\t\t\t\t<div class=\"elementor-widget-container\">\n\t\t\t<h2 class=\"elementor-heading-title elementor-size-default\">03.<\/h2>\t\t<\/div>\n\t\t\t\t<\/div>\n\t\t\t\t<div class=\"elementor-element elementor-element-79787744 elementor-widget elementor-widget-icon-box\" data-id=\"79787744\" data-element_type=\"widget\" data-widget_type=\"icon-box.default\">\n\t\t\t\t<div class=\"elementor-widget-container\">\n\t\t\t\t\t<div class=\"elementor-icon-box-wrapper\">\n\t\t\t\t\t\t<div class=\"elementor-icon-box-content\">\n\t\t\t\t<h3 class=\"elementor-icon-box-title\">\n\t\t\t\t\t<span  >\n\t\t\t\t\t\tKann eine nat\u00fcrliche Farbe \u00fcber eine alte Kunststoff Farbe aufgetragen werden?\t\t\t\t\t<\/span>\n\t\t\t\t<\/h3>\n\t\t\t\t\t\t\t\t\t<p class=\"elementor-icon-box-description\">\n\t\t\t\t\t\tJa, Naturfarben k\u00f6nnen \u00fcber alte Anstriche aufgetragen werden, sofern der Untergrund einigerma\u00dfen saugf\u00e4hig ist. Nur wenn es sich um Latexfarben oder sehr gl\u00e4nzende Farben handelt, k\u00f6nnen sie nicht direkt aufgetragen werden, da sie nicht auf dem Untergrund haften w\u00fcrden. Sie ben\u00f6tigen dann eine Verankerung Br\u00fccke zum Untergrund.\t\t\t\t\t<\/p>\n\t\t\t\t\t\t\t<\/div>\n\t\t<\/div>\n\t\t\t\t<\/div>\n\t\t\t\t<\/div>\n\t\t\t\t\t<\/div>\n\t\t<\/div>\n\t\t\t\t<div class=\"elementor-column elementor-col-50 elementor-top-column elementor-element elementor-element-229ad256\" data-id=\"229ad256\" data-element_type=\"column\">\n\t\t\t<div class=\"elementor-widget-wrap elementor-element-populated\">\n\t\t\t\t\t\t\t\t<div class=\"elementor-element elementor-element-5513d7b0 elementor-widget elementor-widget-heading\" data-id=\"5513d7b0\" data-element_type=\"widget\" data-widget_type=\"heading.default\">\n\t\t\t\t<div class=\"elementor-widget-container\">\n\t\t\t<h2 class=\"elementor-heading-title elementor-size-default\">04.<\/h2>\t\t<\/div>\n\t\t\t\t<\/div>\n\t\t\t\t<div class=\"elementor-element elementor-element-6624385d elementor-widget elementor-widget-icon-box\" data-id=\"6624385d\" data-element_type=\"widget\" data-widget_type=\"icon-box.default\">\n\t\t\t\t<div class=\"elementor-widget-container\">\n\t\t\t\t\t<div class=\"elementor-icon-box-wrapper\">\n\t\t\t\t\t\t<div class=\"elementor-icon-box-content\">\n\t\t\t\t<h3 class=\"elementor-icon-box-title\">\n\t\t\t\t\t<span  >\n\t\t\t\t\t\tGibt es bei der Anwendung von Naturfarben irgendwelche Vorsichtsma\u00dfnahmen zu beachten?\t\t\t\t\t<\/span>\n\t\t\t\t<\/h3>\n\t\t\t\t\t\t\t\t\t<p class=\"elementor-icon-box-description\">\n\t\t\t\t\t\tNaturfarben sind sicher und leicht zu verarbeiten, sowohl f\u00fcr den Verarbeiter als auch f\u00fcr die Menschen im Raum, wie z. B. Kinder, \u00e4ltere Menschen, Menschen mit Atemproblemen und Menschen, die allergisch auf fl\u00fcchtige Chemikalien reagieren.\t\t\t\t\t<\/p>\n\t\t\t\t\t\t\t<\/div>\n\t\t<\/div>\n\t\t\t\t<\/div>\n\t\t\t\t<\/div>\n\t\t\t\t<div class=\"elementor-element elementor-element-7d038208 elementor-widget elementor-widget-heading\" data-id=\"7d038208\" data-element_type=\"widget\" data-widget_type=\"heading.default\">\n\t\t\t\t<div class=\"elementor-widget-container\">\n\t\t\t<h2 class=\"elementor-heading-title elementor-size-default\">05.<\/h2>\t\t<\/div>\n\t\t\t\t<\/div>\n\t\t\t\t<div class=\"elementor-element elementor-element-7a90b4da elementor-widget elementor-widget-icon-box\" data-id=\"7a90b4da\" data-element_type=\"widget\" data-widget_type=\"icon-box.default\">\n\t\t\t\t<div class=\"elementor-widget-container\">\n\t\t\t\t\t<div class=\"elementor-icon-box-wrapper\">\n\t\t\t\t\t\t<div class=\"elementor-icon-box-content\">\n\t\t\t\t<h3 class=\"elementor-icon-box-title\">\n\t\t\t\t\t<span  >\n\t\t\t\t\t\tSind Holz\u00f6le f\u00fcr jede Art von Holz geeignet?\t\t\t\t\t<\/span>\n\t\t\t\t<\/h3>\n\t\t\t\t\t\t\t\t\t<p class=\"elementor-icon-box-description\">\n\t\t\t\t\t\tJa, sie sind f\u00fcr jede Art von Holz geeignet. Die verschiedenen Holzarten beeinflussen nur die Trocknungszeit des \u00d6ls, da das Holz das \u00d6l durch S\u00e4ttigung aufnimmt und durch Verdunstung des \u00d6ls trocknet. Manche H\u00f6lzer brauchen l\u00e4nger, um \u00d6l aufzunehmen, als andere.\t\t\t\t\t<\/p>\n\t\t\t\t\t\t\t<\/div>\n\t\t<\/div>\n\t\t\t\t<\/div>\n\t\t\t\t<\/div>\n\t\t\t\t<div class=\"elementor-element elementor-element-4cb27e9b elementor-widget elementor-widget-heading\" data-id=\"4cb27e9b\" data-element_type=\"widget\" data-widget_type=\"heading.default\">\n\t\t\t\t<div class=\"elementor-widget-container\">\n\t\t\t<h2 class=\"elementor-heading-title elementor-size-default\">06.<\/h2>\t\t<\/div>\n\t\t\t\t<\/div>\n\t\t\t\t<div class=\"elementor-element elementor-element-6544b2fa elementor-widget elementor-widget-icon-box\" data-id=\"6544b2fa\" data-element_type=\"widget\" data-widget_type=\"icon-box.default\">\n\t\t\t\t<div class=\"elementor-widget-container\">\n\t\t\t\t\t<div class=\"elementor-icon-box-wrapper\">\n\t\t\t\t\t\t<div class=\"elementor-icon-box-content\">\n\t\t\t\t<h3 class=\"elementor-icon-box-title\">\n\t\t\t\t\t<span  >\n\t\t\t\t\t\tErfordert die Behandlung von Holz mit \u00d6l irgendwelche Vorsichtsma\u00dfnahmen bei der Anwendung des \u00d6ls?\t\t\t\t\t<\/span>\n\t\t\t\t<\/h3>\n\t\t\t\t\t\t\t\t\t<p class=\"elementor-icon-box-description\">\n\t\t\t\t\t\tDer Umgang mit dem \u00d6l ist bei der Behandlung sehr sicher. Besondere Aufmerksamkeit sollte jedoch den bei der Anwendung verwendeten T\u00fcchern gewidmet werden. Lagern Sie sie nach Gebrauch in einem geschlossenen Beh\u00e4lter oder legen Sie sie in einen Eimer mit Wasser. Sie sind bei hohen Temperaturen und an der Luft selbstentz\u00fcndlich.\t\t\t\t\t<\/p>\n\t\t\t\t\t\t\t<\/div>\n\t\t<\/div>\n\t\t\t\t<\/div>\n\t\t\t\t<\/div>\n\t\t\t\t<div class=\"elementor-element elementor-element-2ef39fb1 elementor-widget elementor-widget-heading\" data-id=\"2ef39fb1\" data-element_type=\"widget\" data-widget_type=\"heading.default\">\n\t\t\t\t<div class=\"elementor-widget-container\">\n\t\t\t<h2 class=\"elementor-heading-title elementor-size-default\">07.<\/h2>\t\t<\/div>\n\t\t\t\t<\/div>\n\t\t\t\t<div class=\"elementor-element elementor-element-3afc4e9 elementor-widget elementor-widget-icon-box\" data-id=\"3afc4e9\" data-element_type=\"widget\" data-widget_type=\"icon-box.default\">\n\t\t\t\t<div class=\"elementor-widget-container\">\n\t\t\t\t\t<div class=\"elementor-icon-box-wrapper\">\n\t\t\t\t\t\t<div class=\"elementor-icon-box-content\">\n\t\t\t\t<h3 class=\"elementor-icon-box-title\">\n\t\t\t\t\t<span  >\n\t\t\t\t\t\tWelchen Einfluss hat die Verwendung von Naturprodukten auf unser Zuhause?\t\t\t\t\t<\/span>\n\t\t\t\t<\/h3>\n\t\t\t\t\t\t\t\t\t<p class=\"elementor-icon-box-description\">\n\t\t\t\t\t\tDa sie keine chemischen oder synthetischen Bestandteile enthalten, sind die W\u00e4nde der R\u00e4ume atmungsaktiv und antistatisch und schaffen so eine ges\u00fcndere Umgebung, die unserer Au\u00dfenwelt entspricht. Verhinderung der Vermehrung von Krankheitserregern. Pilze, Bakterien, Keime und Staub.  \t\t\t\t\t<\/p>\n\t\t\t\t\t\t\t<\/div>\n\t\t<\/div>\n\t\t\t\t<\/div>\n\t\t\t\t<\/div>\n\t\t\t\t\t<\/div>\n\t\t<\/div>\n\t\t\t\t\t\t\t<\/div>\n\t\t<\/section>\n\t\t\t\t<section class=\"elementor-section elementor-top-section elementor-element elementor-element-75face1 elementor-hidden-desktop elementor-hidden-tablet elementor-hidden-mobile elementor-section-boxed elementor-section-height-default elementor-section-height-default\" data-id=\"75face1\" data-element_type=\"section\">\n\t\t\t\t\t\t<div class=\"elementor-container elementor-column-gap-default\">\n\t\t\t\t\t<div class=\"elementor-column elementor-col-100 elementor-top-column elementor-element elementor-element-18fc6b8\" data-id=\"18fc6b8\" data-element_type=\"column\">\n\t\t\t<div class=\"elementor-widget-wrap elementor-element-populated\">\n\t\t\t\t\t\t\t\t<div class=\"elementor-element elementor-element-6236560 elementor-widget elementor-widget-heading\" data-id=\"6236560\" data-element_type=\"widget\" data-widget_type=\"heading.default\">\n\t\t\t\t<div class=\"elementor-widget-container\">\n\t\t\t<h2 class=\"elementor-heading-title elementor-size-default\">Agenda una cita<\/h2>\t\t<\/div>\n\t\t\t\t<\/div>\n\t\t\t\t<div class=\"elementor-element elementor-element-d04e522 elementor-widget elementor-widget-html\" data-id=\"d04e522\" data-element_type=\"widget\" data-widget_type=\"html.default\">\n\t\t\t\t<div class=\"elementor-widget-container\">\n\t\t\t<!-- Principio del widget integrado de Calendly -->\n<div class=\"calendly-inline-widget\" data-url=\"https:\/\/calendly.com\/jesushernansanz?hide_gdpr_banner=1\" style=\"min-width:320px;height:700px;\"><\/div>\n<script type=\"text\/javascript\" src=\"https:\/\/assets.calendly.com\/assets\/external\/widget.js\" async><\/script>\n<!-- Final del widget integrado de Calendly -->\t\t<\/div>\n\t\t\t\t<\/div>\n\t\t\t\t\t<\/div>\n\t\t<\/div>\n\t\t\t\t\t\t\t<\/div>\n\t\t<\/section>\n\t\t\t\t\t\t\t<\/div>\n\t\t","protected":false},"featured_media":0,"template":"","meta":{"site-sidebar-layout":"no-sidebar","site-content-layout":"page-builder","ast-site-content-layout":"full-width-container","site-content-style":"default","site-sidebar-style":"default","ast-global-header-display":"","ast-banner-title-visibility":"","ast-main-header-display":"","ast-hfb-above-header-display":"","ast-hfb-below-header-display":"","ast-hfb-mobile-header-display":"","site-post-title":"disabled","ast-breadcrumbs-content":"","ast-featured-img":"disabled","footer-sml-layout":"","theme-transparent-header-meta":"","adv-header-id-meta":"","stick-header-meta":"","header-above-stick-meta":"","header-main-stick-meta":"","header-below-stick-meta":"","astra-migrate-meta-layouts":"set","ast-page-background-enabled":"default","ast-page-background-meta":{"desktop":{"background-color":"","background-image":"","background-repeat":"repeat","background-position":"center center","background-size":"auto","background-attachment":"scroll","background-type":"","background-media":"","overlay-type":"","overlay-color":"","overlay-gradient":""},"tablet":{"background-color":"","background-image":"","background-repeat":"repeat","background-position":"center center","background-size":"auto","background-attachment":"scroll","background-type":"","background-media":"","overlay-type":"","overlay-color":"","overlay-gradient":""},"mobile":{"background-color":"","background-image":"","background-repeat":"repeat","background-position":"center center","background-size":"auto","background-attachment":"scroll","background-type":"","background-media":"","overlay-type":"","overlay-color":"","overlay-gradient":""}},"ast-content-background-meta":{"desktop":{"background-color":"var(--ast-global-color-5)","background-image":"","background-repeat":"repeat","background-position":"center center","background-size":"auto","background-attachment":"scroll","background-type":"","background-media":"","overlay-type":"","overlay-color":"","overlay-gradient":""},"tablet":{"background-color":"var(--ast-global-color-5)","background-image":"","background-repeat":"repeat","background-position":"center center","background-size":"auto","background-attachment":"scroll","background-type":"","background-media":"","overlay-type":"","overlay-color":"","overlay-gradient":""},"mobile":{"background-color":"var(--ast-global-color-5)","background-image":"","background-repeat":"repeat","background-position":"center center","background-size":"auto","background-attachment":"scroll","background-type":"","background-media":"","overlay-type":"","overlay-color":"","overlay-gradient":""}}},"categories":[],"tags":[],"yoast_head":"<!-- This site is optimized with the Yoast SEO plugin v21.7 - https:\/\/yoast.com\/wordpress\/plugins\/seo\/ -->\n<title>Grundierung DIE GELBE - Jes\u00fas Hernansanz<\/title>\n<meta name=\"robots\" content=\"noindex, follow, max-snippet:-1, max-image-preview:large, max-video-preview:-1\" \/>\n<meta property=\"og:locale\" content=\"de_DE\" \/>\n<meta property=\"og:type\" content=\"article\" \/>\n<meta property=\"og:title\" content=\"Grundierung DIE GELBE - Jes\u00fas Hernansanz\" \/>\n<meta property=\"og:description\" content=\"Grundierung Die Gelbe Fl\u00fcssige Grundierung mit feiner K\u00f6rnung vor dem Auftrag von feinem Lehm- Oberputz und YOSIMA Lehm-Designputz. Die GELBE sorgt f\u00fcr feink\u00f6rnige Griffigkeit, mindert und egalisiert die Saugf\u00e4higkeit und sch\u00fctzt Gipskarton- und andere Bauplatten vor N\u00e4sse aus dem Lehmputzauftrag. Technisches Datenblatt herunterladen Zusammensetzung: Grundierungen: Wasser, Calciumcarbonat, Wasserglas, Ton, Dispersion &lt; 5% (Verbesserung der Haftungseigenschaften &hellip; Grundierung DIE GELBE Read More \u00bb\" \/>\n<meta property=\"og:url\" content=\"https:\/\/jesushernansanz.com\/de\/productos\/grundierung-die-gelbe\/\" \/>\n<meta property=\"og:site_name\" content=\"Jes\u00fas Hernansanz\" \/>\n<meta property=\"article:modified_time\" content=\"2025-01-24T15:30:30+00:00\" \/>\n<meta name=\"twitter:card\" content=\"summary_large_image\" \/>\n<meta name=\"twitter:label1\" content=\"Gesch\u00e4tzte Lesezeit\" \/>\n\t<meta name=\"twitter:data1\" content=\"5 Minuten\" \/>\n<script type=\"application\/ld+json\" class=\"yoast-schema-graph\">{\"@context\":\"https:\/\/schema.org\",\"@graph\":[{\"@type\":\"WebPage\",\"@id\":\"https:\/\/jesushernansanz.com\/de\/productos\/grundierung-die-gelbe\/\",\"url\":\"https:\/\/jesushernansanz.com\/de\/productos\/grundierung-die-gelbe\/\",\"name\":\"Grundierung DIE GELBE - Jes\u00fas Hernansanz\",\"isPartOf\":{\"@id\":\"https:\/\/jesushernansanz.com\/de\/#website\"},\"datePublished\":\"2024-09-19T17:03:34+00:00\",\"dateModified\":\"2025-01-24T15:30:30+00:00\",\"breadcrumb\":{\"@id\":\"https:\/\/jesushernansanz.com\/de\/productos\/grundierung-die-gelbe\/#breadcrumb\"},\"inLanguage\":\"de-DE\",\"potentialAction\":[{\"@type\":\"ReadAction\",\"target\":[\"https:\/\/jesushernansanz.com\/de\/productos\/grundierung-die-gelbe\/\"]}]},{\"@type\":\"BreadcrumbList\",\"@id\":\"https:\/\/jesushernansanz.com\/de\/productos\/grundierung-die-gelbe\/#breadcrumb\",\"itemListElement\":[{\"@type\":\"ListItem\",\"position\":1,\"name\":\"Portada\",\"item\":\"https:\/\/jesushernansanz.com\/de\/\"},{\"@type\":\"ListItem\",\"position\":2,\"name\":\"Grundierung DIE GELBE\"}]},{\"@type\":\"WebSite\",\"@id\":\"https:\/\/jesushernansanz.com\/de\/#website\",\"url\":\"https:\/\/jesushernansanz.com\/de\/\",\"name\":\"Jes\u00fas Hernansanz\",\"description\":\"\",\"publisher\":{\"@id\":\"https:\/\/jesushernansanz.com\/de\/#organization\"},\"potentialAction\":[{\"@type\":\"SearchAction\",\"target\":{\"@type\":\"EntryPoint\",\"urlTemplate\":\"https:\/\/jesushernansanz.com\/de\/?s={search_term_string}\"},\"query-input\":\"required name=search_term_string\"}],\"inLanguage\":\"de-DE\"},{\"@type\":\"Organization\",\"@id\":\"https:\/\/jesushernansanz.com\/de\/#organization\",\"name\":\"Jes\u00fas Hernansanz\",\"url\":\"https:\/\/jesushernansanz.com\/de\/\",\"logo\":{\"@type\":\"ImageObject\",\"inLanguage\":\"de-DE\",\"@id\":\"https:\/\/jesushernansanz.com\/de\/#\/schema\/logo\/image\/\",\"url\":\"https:\/\/jesushernansanz.com\/wp-content\/uploads\/2023\/09\/cropped-Logo-Naturfarben.png\",\"contentUrl\":\"https:\/\/jesushernansanz.com\/wp-content\/uploads\/2023\/09\/cropped-Logo-Naturfarben.png\",\"width\":2154,\"height\":705,\"caption\":\"Jes\u00fas Hernansanz\"},\"image\":{\"@id\":\"https:\/\/jesushernansanz.com\/de\/#\/schema\/logo\/image\/\"}}]}<\/script>\n<!-- \/ Yoast SEO plugin. -->","yoast_head_json":{"title":"Grundierung DIE GELBE - Jes\u00fas Hernansanz","robots":{"index":"noindex","follow":"follow","max-snippet":"max-snippet:-1","max-image-preview":"max-image-preview:large","max-video-preview":"max-video-preview:-1"},"og_locale":"de_DE","og_type":"article","og_title":"Grundierung DIE GELBE - Jes\u00fas Hernansanz","og_description":"Grundierung Die Gelbe Fl\u00fcssige Grundierung mit feiner K\u00f6rnung vor dem Auftrag von feinem Lehm- Oberputz und YOSIMA Lehm-Designputz. Die GELBE sorgt f\u00fcr feink\u00f6rnige Griffigkeit, mindert und egalisiert die Saugf\u00e4higkeit und sch\u00fctzt Gipskarton- und andere Bauplatten vor N\u00e4sse aus dem Lehmputzauftrag. Technisches Datenblatt herunterladen Zusammensetzung: Grundierungen: Wasser, Calciumcarbonat, Wasserglas, Ton, Dispersion < 5% (Verbesserung der Haftungseigenschaften &hellip; Grundierung DIE GELBE Read More \u00bb","og_url":"https:\/\/jesushernansanz.com\/de\/productos\/grundierung-die-gelbe\/","og_site_name":"Jes\u00fas Hernansanz","article_modified_time":"2025-01-24T15:30:30+00:00","twitter_card":"summary_large_image","twitter_misc":{"Gesch\u00e4tzte Lesezeit":"5 Minuten"},"schema":{"@context":"https:\/\/schema.org","@graph":[{"@type":"WebPage","@id":"https:\/\/jesushernansanz.com\/de\/productos\/grundierung-die-gelbe\/","url":"https:\/\/jesushernansanz.com\/de\/productos\/grundierung-die-gelbe\/","name":"Grundierung DIE GELBE - Jes\u00fas Hernansanz","isPartOf":{"@id":"https:\/\/jesushernansanz.com\/de\/#website"},"datePublished":"2024-09-19T17:03:34+00:00","dateModified":"2025-01-24T15:30:30+00:00","breadcrumb":{"@id":"https:\/\/jesushernansanz.com\/de\/productos\/grundierung-die-gelbe\/#breadcrumb"},"inLanguage":"de-DE","potentialAction":[{"@type":"ReadAction","target":["https:\/\/jesushernansanz.com\/de\/productos\/grundierung-die-gelbe\/"]}]},{"@type":"BreadcrumbList","@id":"https:\/\/jesushernansanz.com\/de\/productos\/grundierung-die-gelbe\/#breadcrumb","itemListElement":[{"@type":"ListItem","position":1,"name":"Portada","item":"https:\/\/jesushernansanz.com\/de\/"},{"@type":"ListItem","position":2,"name":"Grundierung DIE GELBE"}]},{"@type":"WebSite","@id":"https:\/\/jesushernansanz.com\/de\/#website","url":"https:\/\/jesushernansanz.com\/de\/","name":"Jes\u00fas Hernansanz","description":"","publisher":{"@id":"https:\/\/jesushernansanz.com\/de\/#organization"},"potentialAction":[{"@type":"SearchAction","target":{"@type":"EntryPoint","urlTemplate":"https:\/\/jesushernansanz.com\/de\/?s={search_term_string}"},"query-input":"required name=search_term_string"}],"inLanguage":"de-DE"},{"@type":"Organization","@id":"https:\/\/jesushernansanz.com\/de\/#organization","name":"Jes\u00fas Hernansanz","url":"https:\/\/jesushernansanz.com\/de\/","logo":{"@type":"ImageObject","inLanguage":"de-DE","@id":"https:\/\/jesushernansanz.com\/de\/#\/schema\/logo\/image\/","url":"https:\/\/jesushernansanz.com\/wp-content\/uploads\/2023\/09\/cropped-Logo-Naturfarben.png","contentUrl":"https:\/\/jesushernansanz.com\/wp-content\/uploads\/2023\/09\/cropped-Logo-Naturfarben.png","width":2154,"height":705,"caption":"Jes\u00fas Hernansanz"},"image":{"@id":"https:\/\/jesushernansanz.com\/de\/#\/schema\/logo\/image\/"}}]}},"_links":{"self":[{"href":"https:\/\/jesushernansanz.com\/de\/wp-json\/wp\/v2\/productos\/5826"}],"collection":[{"href":"https:\/\/jesushernansanz.com\/de\/wp-json\/wp\/v2\/productos"}],"about":[{"href":"https:\/\/jesushernansanz.com\/de\/wp-json\/wp\/v2\/types\/productos"}],"version-history":[{"count":13,"href":"https:\/\/jesushernansanz.com\/de\/wp-json\/wp\/v2\/productos\/5826\/revisions"}],"predecessor-version":[{"id":6236,"href":"https:\/\/jesushernansanz.com\/de\/wp-json\/wp\/v2\/productos\/5826\/revisions\/6236"}],"wp:attachment":[{"href":"https:\/\/jesushernansanz.com\/de\/wp-json\/wp\/v2\/media?parent=5826"}],"wp:term":[{"taxonomy":"category","embeddable":true,"href":"https:\/\/jesushernansanz.com\/de\/wp-json\/wp\/v2\/categories?post=5826"},{"taxonomy":"post_tag","embeddable":true,"href":"https:\/\/jesushernansanz.com\/de\/wp-json\/wp\/v2\/tags?post=5826"}],"curies":[{"name":"wp","href":"https:\/\/api.w.org\/{rel}","templated":true}]}}